{"id":15,"date":"2023-01-26T15:57:14","date_gmt":"2023-01-26T14:57:14","guid":{"rendered":"https:\/\/consmarsiglia.esteri.it\/?page_id=15"},"modified":"2023-01-27T11:51:48","modified_gmt":"2023-01-27T10:51:48","slug":"news","status":"publish","type":"page","link":"https:\/\/consmarsiglia.esteri.it\/it\/news\/","title":{"rendered":"Notizie"},"content":{"rendered":"        <div class=\"row\">\n\t\t\t<!-- Ricerca sedi post -->\n\t\t\t<div class=\"col-12 mt-4\">\n\t\t\t  <div class=\"callout callout-highlight note ricerca-esteri p-4\">\n                    <div class=\"callout-title\">\n                        <svg class=\"icon\">\n                            <use xlink:href=\"https:\/\/consmarsiglia.esteri.it\/wp-content\/themes\/sedi-tema\/assets\/svg\/sprites.svg#it-search\"><\/use>\n                        <\/svg>Inserisci i parametri di ricerca                    <\/div>\n                    <form id=\"searchFormPost\" name=\"form-search-post\" class=\"form-row align-items-center\" action=\"https:\/\/consmarsiglia.esteri.it\/it\/wp-json\/wp\/v2\/pages\/15\/\" method=\"GET\"> \n                        <!-- <div class=\"form-group pt-5\"> -->\n                            <!-- <input type=\"hidden\" id=\"lang\" name=\"lang\" value=\"\"> --> <!-- <\/div> -->\n\n                        <div class=\"it-datepicker-wrapper\">\n                            <div class=\"row\">\n                                <div class=\"form-group col-md-6\">\n                                    <label class=\"active\" for=\"date-init\">Dal<\/label>\n                                    <input class=\"form-control\" name=\"date-init\" id=\"date-init\" type=\"date\" placeholder=\"gg\/mm\/aaaa\" value=\"\"lang=\"en-EN\">  \n                                <\/div>\n                                <div class=\"form-group col-md-6\">\n                                    <label class=\"active\" for=\"date-end\">Al<\/label>\n                                    <input class=\"form-control\" name=\"date-end\" id=\"date-end\" type=\"date\" placeholder=\"gg\/mm\/aaaa\" value=\"\">\n                                <\/div>\n                            <\/div>\n                        <\/div>\n                        <div class=\"form-group col-md-12 mt-3\">\n                            <label for=\"searchText\">Campo ricerca libera<\/label>\n                            <input type=\"text\" name=\"searchText\" class=\"form-control\" id=\"searchText\" value=\"\">\n                        <\/div>\n                        <div class=\"form-group col-md-4 offset-md-8 text-end\">\n                            <a href=\"https:\/\/consmarsiglia.esteri.it\/it\/news\/\" title=\"Form reset\" id=\"resetImput\" class=\"btn btn-outline-primary btn-xs\">Reset<\/a>\n                            <button type=\"submit\" class=\"btn btn-primary btn-xs\">Mostra risultati<\/button>\n                        <\/div>\n                    <\/form>\n\t\t\t\t<\/div>\n\t\t\t<\/div>\n\t\t<\/div>\n                    \n            <div class=\"row\">\n                            <div class=\"col-12 mt-3\">\n                <!--start card-->\n                <div class=\"card-wrapper card-space\">\n                    <div class=\"card card-bg card-big border-bottom-card\">\n                        <div class=\"card-body \">\n                                                        <div class=\"category-top\">\n                                                                                                            <span class=\"\">\n                                        <svg class=\"icon icon-secondary\">\n                                            <use xlink:href=\"https:\/\/consmarsiglia.esteri.it\/wp-content\/themes\/sedi-tema\/assets\/svg\/sprites.svg#it-calendar\"><\/use>\n                                        <\/svg> 17 Agosto 2026                                    <\/span>\n                                                                    <\/div>\n                            <h5 class=\"card-title big-heading text-uppercase\"><a class=\"text-body text-decoration-none\" href=\"https:\/\/consmarsiglia.esteri.it\/it\/news\/dal_consolato\/2026\/08\/avviso-di-selezione-per-n-1-impiegato-a-contratto-da-adibire-ai-servizi-di-assistente-amministrativo-consolato-ditalia-a-marsiglia\/\" title=\"Avviso di selezione per n. 1 impiegato a contratto da adibire ai servizi di Assistente amministrativo \u2013 Consolato d\u2019Italia a Marsiglia\">Avviso di selezione per n. 1 impiegato a contratto da adibire ai servizi di Assistente amministrativo \u2013 Consolato d\u2019Italia a Marsiglia<\/a><\/h5>\n                            <p class=\"card-text\">Il Consolato Generale d\u2019Italia a Marsiglia ha pubblicato un Avviso per l\u2019assunzione di n. 1 impiegato a contratto a tempo indeterminato da adibire ai servizi di Assistente amministrativo presso il Consolato Generale d&#8217;Italia a Marsiglia. Le domande di ammissione alle prove per l\u2019assunzione, da redigersi secondo il modello disponibile a questo link , dovranno essere [&hellip;]<\/p>\n                                <a title=\"Avviso di selezione per n. 1 impiegato a contratto da adibire ai servizi di Assistente amministrativo \u2013 Consolato d\u2019Italia a Marsiglia\" class=\"read-more\" href=\"https:\/\/consmarsiglia.esteri.it\/it\/news\/dal_consolato\/2026\/08\/avviso-di-selezione-per-n-1-impiegato-a-contratto-da-adibire-ai-servizi-di-assistente-amministrativo-consolato-ditalia-a-marsiglia\/\">\n                                    <span class=\"text\">Leggi di pi\u00f9<\/span>\n                                    <svg class=\"icon\">\n                                    <use xlink:href=\"https:\/\/consmarsiglia.esteri.it\/wp-content\/themes\/sedi-tema\/assets\/svg\/sprites.svg#it-arrow-right\"><\/use>\n                                    <\/svg>\n                                <\/a>\n                                                    <\/div>\n                    <\/div>\n                <\/div>\n                <!--end card-->\n                <\/div><!-- col-12 .mt-3-->\n                            <div class=\"col-12 mt-3\">\n                <!--start card-->\n                <div class=\"card-wrapper card-space\">\n                    <div class=\"card card-bg card-big border-bottom-card\">\n                        <div class=\"card-body \">\n                                                        <div class=\"category-top\">\n                                                                                                            <span class=\"\">\n                                        <svg class=\"icon icon-secondary\">\n                                            <use xlink:href=\"https:\/\/consmarsiglia.esteri.it\/wp-content\/themes\/sedi-tema\/assets\/svg\/sprites.svg#it-calendar\"><\/use>\n                                        <\/svg> 7 Agosto 2026                                    <\/span>\n                                                                    <\/div>\n                            <h5 class=\"card-title big-heading text-uppercase\"><a class=\"text-body text-decoration-none\" href=\"https:\/\/consmarsiglia.esteri.it\/it\/news\/dal_consolato\/2026\/08\/messaggio-del-vice-presidente-del-consiglio-e-ministro-degli-affari-esteri-e-della-cooperazione-internazionale-on-tajani-in-occasione-della-25a-giornata-nazionale-del-sacrificio-del-lavoro-italiano\/\" title=\"Messaggio del Vice Presidente del Consiglio e Ministro degli Affari esteri e della Cooperazione internazionale, On. Tajani, in occasione della 25\u00aa Giornata nazionale del sacrificio del lavoro italiano nel mondo\">Messaggio del Vice Presidente del Consiglio e Ministro degli Affari esteri e della Cooperazione internazionale, On. Tajani, in occasione della 25\u00aa Giornata nazionale del sacrificio del lavoro italiano nel mondo<\/a><\/h5>\n                            <p class=\"card-text\">Si celebra domani, 8 agosto 2026, il 70\u00b0 anniversario della tragedia di Marcinelle (Belgio) e il 25\u00b0 anniversario della Giornata del sacrificio del lavoro italiano nel mondo. In tale occasione, il Vice Presidente del Consiglio dei Ministri e Ministro degli Affari esteri e della Cooperazione internazionale, On. Antonio Tajani, ha indirizzato un messaggio ai connazionali [&hellip;]<\/p>\n                                <a title=\"Messaggio del Vice Presidente del Consiglio e Ministro degli Affari esteri e della Cooperazione internazionale, On. Tajani, in occasione della 25\u00aa Giornata nazionale del sacrificio del lavoro italiano nel mondo\" class=\"read-more\" href=\"https:\/\/consmarsiglia.esteri.it\/it\/news\/dal_consolato\/2026\/08\/messaggio-del-vice-presidente-del-consiglio-e-ministro-degli-affari-esteri-e-della-cooperazione-internazionale-on-tajani-in-occasione-della-25a-giornata-nazionale-del-sacrificio-del-lavoro-italiano\/\">\n                                    <span class=\"text\">Leggi di pi\u00f9<\/span>\n                                    <svg class=\"icon\">\n                                    <use xlink:href=\"https:\/\/consmarsiglia.esteri.it\/wp-content\/themes\/sedi-tema\/assets\/svg\/sprites.svg#it-arrow-right\"><\/use>\n                                    <\/svg>\n                                <\/a>\n                                                    <\/div>\n                    <\/div>\n                <\/div>\n                <!--end card-->\n                <\/div><!-- col-12 .mt-3-->\n                            <div class=\"col-12 mt-3\">\n                <!--start card-->\n                <div class=\"card-wrapper card-space\">\n                    <div class=\"card card-bg card-big border-bottom-card\">\n                        <div class=\"card-body \">\n                                                        <div class=\"category-top\">\n                                                                                                            <span class=\"\">\n                                        <svg class=\"icon icon-secondary\">\n                                            <use xlink:href=\"https:\/\/consmarsiglia.esteri.it\/wp-content\/themes\/sedi-tema\/assets\/svg\/sprites.svg#it-calendar\"><\/use>\n                                        <\/svg> 31 Luglio 2026                                    <\/span>\n                                                                    <\/div>\n                            <h5 class=\"card-title big-heading text-uppercase\"><a class=\"text-body text-decoration-none\" href=\"https:\/\/consmarsiglia.esteri.it\/it\/news\/dal_consolato\/2026\/07\/marina-militare-italiana-la-nave-etna-in-sosta-nel-porto-di-la-pallice\/\" title=\"MARINA MILITARE ITALIANA: LA NAVE ETNA IN SOSTA NEL PORTO DI LA PALLICE\">MARINA MILITARE ITALIANA: LA NAVE ETNA IN SOSTA NEL PORTO DI LA PALLICE<\/a><\/h5>\n                            <p class=\"card-text\">La nave ETNA, unit\u00e0 rifornitrice di squadra (Auxiliary Oiler Replenishment \u2013 AOR) della Marina Militare Italiana, far\u00e0 scalo a La Pallice, porto commerciale di La Rochelle, dal 7 all&#8217;11 agosto 2026. Questa sosta rientra nell&#8217;ambito della campagna addestrativa estiva degli allievi ufficiali dell&#8217;Accademia Navale di Livorno, attualmente impegnati nella loro seconda campagna d&#8217;istruzione in mare [&hellip;]<\/p>\n                                <a title=\"MARINA MILITARE ITALIANA: LA NAVE ETNA IN SOSTA NEL PORTO DI LA PALLICE\" class=\"read-more\" href=\"https:\/\/consmarsiglia.esteri.it\/it\/news\/dal_consolato\/2026\/07\/marina-militare-italiana-la-nave-etna-in-sosta-nel-porto-di-la-pallice\/\">\n                                    <span class=\"text\">Leggi di pi\u00f9<\/span>\n                                    <svg class=\"icon\">\n                                    <use xlink:href=\"https:\/\/consmarsiglia.esteri.it\/wp-content\/themes\/sedi-tema\/assets\/svg\/sprites.svg#it-arrow-right\"><\/use>\n                                    <\/svg>\n                                <\/a>\n                                                    <\/div>\n                    <\/div>\n                <\/div>\n                <!--end card-->\n                <\/div><!-- col-12 .mt-3-->\n                            <div class=\"col-12 mt-3\">\n                <!--start card-->\n                <div class=\"card-wrapper card-space\">\n                    <div class=\"card card-bg card-big border-bottom-card\">\n                        <div class=\"card-body \">\n                                                        <div class=\"category-top\">\n                                                                                                            <span class=\"\">\n                                        <svg class=\"icon icon-secondary\">\n                                            <use xlink:href=\"https:\/\/consmarsiglia.esteri.it\/wp-content\/themes\/sedi-tema\/assets\/svg\/sprites.svg#it-calendar\"><\/use>\n                                        <\/svg> 30 Luglio 2026                                    <\/span>\n                                                                    <\/div>\n                            <h5 class=\"card-title big-heading text-uppercase\"><a class=\"text-body text-decoration-none\" href=\"https:\/\/consmarsiglia.esteri.it\/it\/news\/dal_consolato\/2026\/07\/carta-didentita-elettronica-validita-illimitata-per-i-cittadini-di-eta-pari-o-superiore-ai-70-anni\/\" title=\"Carta d\u2019Identit\u00e0 Elettronica: validit\u00e0 illimitata per i cittadini di et\u00e0 pari o superiore ai 70 anni\">Carta d\u2019Identit\u00e0 Elettronica: validit\u00e0 illimitata per i cittadini di et\u00e0 pari o superiore ai 70 anni<\/a><\/h5>\n                            <p class=\"card-text\">Si informa che, a decorrere dal 30 luglio 2026, la Carta d\u2019Identit\u00e0 Elettronica (CIE) rilasciata ai cittadini che, al momento della richiesta di emissione, abbiano compiuto 70 anni di et\u00e0 avr\u00e0 validit\u00e0 illimitata. La Carta d\u2019Identit\u00e0 Elettronica continuer\u00e0 a essere valida anche ai fini dell\u2019espatrio, nei casi previsti dalla normativa vigente. Per ulteriori informazioni \u00e8 [&hellip;]<\/p>\n                                <a title=\"Carta d\u2019Identit\u00e0 Elettronica: validit\u00e0 illimitata per i cittadini di et\u00e0 pari o superiore ai 70 anni\" class=\"read-more\" href=\"https:\/\/consmarsiglia.esteri.it\/it\/news\/dal_consolato\/2026\/07\/carta-didentita-elettronica-validita-illimitata-per-i-cittadini-di-eta-pari-o-superiore-ai-70-anni\/\">\n                                    <span class=\"text\">Leggi di pi\u00f9<\/span>\n                                    <svg class=\"icon\">\n                                    <use xlink:href=\"https:\/\/consmarsiglia.esteri.it\/wp-content\/themes\/sedi-tema\/assets\/svg\/sprites.svg#it-arrow-right\"><\/use>\n                                    <\/svg>\n                                <\/a>\n                                                    <\/div>\n                    <\/div>\n                <\/div>\n                <!--end card-->\n                <\/div><!-- col-12 .mt-3-->\n                            <div class=\"col-12 mt-3\">\n                <!--start card-->\n                <div class=\"card-wrapper card-space\">\n                    <div class=\"card card-bg card-big border-bottom-card\">\n                        <div class=\"card-body \">\n                                                        <div class=\"category-top\">\n                                                                                                            <span class=\"\">\n                                        <svg class=\"icon icon-secondary\">\n                                            <use xlink:href=\"https:\/\/consmarsiglia.esteri.it\/wp-content\/themes\/sedi-tema\/assets\/svg\/sprites.svg#it-calendar\"><\/use>\n                                        <\/svg> 22 Luglio 2026                                    <\/span>\n                                                                    <\/div>\n                            <h5 class=\"card-title big-heading text-uppercase\"><a class=\"text-body text-decoration-none\" href=\"https:\/\/consmarsiglia.esteri.it\/it\/news\/dal_consolato\/2026\/07\/elezioni-dei-com-it-es-2026\/\" title=\"Elezioni dei Com.It.Es 2026\">Elezioni dei Com.It.Es 2026<\/a><\/h5>\n                            <p class=\"card-text\">Nel 2026 avranno luogo le elezioni per il per il rinnovo dei Comitati degli Italiani all\u2019Estero (Com.It.Es). I Com.It.Es. sono organismi che rappresentano i connazionali all\u2019estero nei rapporti con Ambasciate e Consolati e ne favoriscono l\u2019integrazione. Hanno inoltre il compito di preservare la memoria storica dell\u2019emigrazione italiana e valorizzare il contributo italiano nelle societ\u00e0 in [&hellip;]<\/p>\n                                <a title=\"Elezioni dei Com.It.Es 2026\" class=\"read-more\" href=\"https:\/\/consmarsiglia.esteri.it\/it\/news\/dal_consolato\/2026\/07\/elezioni-dei-com-it-es-2026\/\">\n                                    <span class=\"text\">Leggi di pi\u00f9<\/span>\n                                    <svg class=\"icon\">\n                                    <use xlink:href=\"https:\/\/consmarsiglia.esteri.it\/wp-content\/themes\/sedi-tema\/assets\/svg\/sprites.svg#it-arrow-right\"><\/use>\n                                    <\/svg>\n                                <\/a>\n                                                    <\/div>\n                    <\/div>\n                <\/div>\n                <!--end card-->\n                <\/div><!-- col-12 .mt-3-->\n                            <div class=\"col-12 mt-3\">\n                <!--start card-->\n                <div class=\"card-wrapper card-space\">\n                    <div class=\"card card-bg card-big border-bottom-card\">\n                        <div class=\"card-body \">\n                                                        <div class=\"category-top\">\n                                                                                                            <span class=\"\">\n                                        <svg class=\"icon icon-secondary\">\n                                            <use xlink:href=\"https:\/\/consmarsiglia.esteri.it\/wp-content\/themes\/sedi-tema\/assets\/svg\/sprites.svg#it-calendar\"><\/use>\n                                        <\/svg> 13 Luglio 2026                                    <\/span>\n                                                                    <\/div>\n                            <h5 class=\"card-title big-heading text-uppercase\"><a class=\"text-body text-decoration-none\" href=\"https:\/\/consmarsiglia.esteri.it\/it\/news\/dal_consolato\/2026\/07\/cessazione-della-validita-della-carta-didentita-cartacea-per-lespatrio-dal-3-agosto\/\" title=\"Cessazione della validit\u00e0 della carta d\u2019identit\u00e0 cartacea per l\u2019espatrio dal 3 agosto\">Cessazione della validit\u00e0 della carta d\u2019identit\u00e0 cartacea per l\u2019espatrio dal 3 agosto<\/a><\/h5>\n                            <p class=\"card-text\">A partire dal 3 agosto 2026 la versione cartacea della carta di identit\u00e0 cesser\u00e0 di essere valida per l\u2019espatrio, indipendentemente dalla data di scadenza riportata sul retro. Il DL 26\/06\/2026 n.108 ha introdotto alcune modifiche importanti: La Carta d\u2019Identit\u00e0 Cartacea non scaduta pu\u00f2 essere utilizzata come strumento identificativo nei rapporti con la Pubblica Amministrazione italiana [&hellip;]<\/p>\n                                <a title=\"Cessazione della validit\u00e0 della carta d\u2019identit\u00e0 cartacea per l\u2019espatrio dal 3 agosto\" class=\"read-more\" href=\"https:\/\/consmarsiglia.esteri.it\/it\/news\/dal_consolato\/2026\/07\/cessazione-della-validita-della-carta-didentita-cartacea-per-lespatrio-dal-3-agosto\/\">\n                                    <span class=\"text\">Leggi di pi\u00f9<\/span>\n                                    <svg class=\"icon\">\n                                    <use xlink:href=\"https:\/\/consmarsiglia.esteri.it\/wp-content\/themes\/sedi-tema\/assets\/svg\/sprites.svg#it-arrow-right\"><\/use>\n                                    <\/svg>\n                                <\/a>\n                                                    <\/div>\n                    <\/div>\n                <\/div>\n                <!--end card-->\n                <\/div><!-- col-12 .mt-3-->\n                            <div class=\"col-12 mt-3\">\n                <!--start card-->\n                <div class=\"card-wrapper card-space\">\n                    <div class=\"card card-bg card-big border-bottom-card\">\n                        <div class=\"card-body \">\n                                                        <div class=\"category-top\">\n                                                                                                            <span class=\"\">\n                                        <svg class=\"icon icon-secondary\">\n                                            <use xlink:href=\"https:\/\/consmarsiglia.esteri.it\/wp-content\/themes\/sedi-tema\/assets\/svg\/sprites.svg#it-calendar\"><\/use>\n                                        <\/svg> 9 Giugno 2026                                    <\/span>\n                                                                    <\/div>\n                            <h5 class=\"card-title big-heading text-uppercase\"><a class=\"text-body text-decoration-none\" href=\"https:\/\/consmarsiglia.esteri.it\/it\/news\/dal_consolato\/2026\/06\/rilascio-carta-didentita-elettronica-presso-i-comuni-italiani-per-i-cittadini-iscritti-a-i-r-e\/\" title=\"Scadenza validit\u00e0 Carta d&#8217;Identit\u00e0 Cartacea &#8211; Rilascio Carta d\u2019Identit\u00e0 Elettronica presso i Comuni italiani per i cittadini iscritti A.I.R.E.\">Scadenza validit\u00e0 Carta d&#8217;Identit\u00e0 Cartacea &#8211; Rilascio Carta d\u2019Identit\u00e0 Elettronica presso i Comuni italiani per i cittadini iscritti A.I.R.E.<\/a><\/h5>\n                            <p class=\"card-text\">Si ricorda nuovamente a tutti i connazionali che, come noto, a partire dal\u00a03 agosto 2026, la\u00a0carta d\u2019identit\u00e0 cartacea\u00a0non sar\u00e0 pi\u00f9 valida, anche se non ancora scaduta. Per prendere un appuntamento per il rilascio della carta d\u2019identit\u00e0 elettronica, seguite le istruzioni che trovate su questo sito, nella sezione \u201cservizi per il cittadino italiano\u201d. Unicamente per i [&hellip;]<\/p>\n                                <a title=\"Scadenza validit\u00e0 Carta d&#8217;Identit\u00e0 Cartacea &#8211; Rilascio Carta d\u2019Identit\u00e0 Elettronica presso i Comuni italiani per i cittadini iscritti A.I.R.E.\" class=\"read-more\" href=\"https:\/\/consmarsiglia.esteri.it\/it\/news\/dal_consolato\/2026\/06\/rilascio-carta-didentita-elettronica-presso-i-comuni-italiani-per-i-cittadini-iscritti-a-i-r-e\/\">\n                                    <span class=\"text\">Leggi di pi\u00f9<\/span>\n                                    <svg class=\"icon\">\n                                    <use xlink:href=\"https:\/\/consmarsiglia.esteri.it\/wp-content\/themes\/sedi-tema\/assets\/svg\/sprites.svg#it-arrow-right\"><\/use>\n                                    <\/svg>\n                                <\/a>\n                                                    <\/div>\n                    <\/div>\n                <\/div>\n                <!--end card-->\n                <\/div><!-- col-12 .mt-3-->\n                            <div class=\"col-12 mt-3\">\n                <!--start card-->\n                <div class=\"card-wrapper card-space\">\n                    <div class=\"card card-bg card-big border-bottom-card\">\n                        <div class=\"card-body \">\n                                                        <div class=\"category-top\">\n                                                                                                            <span class=\"\">\n                                        <svg class=\"icon icon-secondary\">\n                                            <use xlink:href=\"https:\/\/consmarsiglia.esteri.it\/wp-content\/themes\/sedi-tema\/assets\/svg\/sprites.svg#it-calendar\"><\/use>\n                                        <\/svg> 8 Giugno 2026                                    <\/span>\n                                                                    <\/div>\n                            <h5 class=\"card-title big-heading text-uppercase\"><a class=\"text-body text-decoration-none\" href=\"https:\/\/consmarsiglia.esteri.it\/it\/news\/dal_consolato\/2026\/06\/conferenza-dei-consoli-ditalia-nel-mondo-12-13-giugno\/\" title=\"Conferenza dei Consoli d\u2019Italia nel mondo (12-13 giugno)\">Conferenza dei Consoli d\u2019Italia nel mondo (12-13 giugno)<\/a><\/h5>\n                            <p class=\"card-text\">Hai una domanda per i Consoli italiani? Alla Conferenza dei Consoli d\u2019Italia nel mondo (12-13 giugno), daremo voce alla comunit\u00e0 italiana all&#8217;estero! Scrivi a consoli2026@esteri.it inviando le tue domande o esigenze. Quali servizi ritieni prioritari? Cosa miglioreresti? Quali domande vuoi far arrivare ai Consoli d\u2019Italia? &nbsp; Risponderemo a tutte le vostre domande. Alcuni contributi selezionati [&hellip;]<\/p>\n                                <a title=\"Conferenza dei Consoli d\u2019Italia nel mondo (12-13 giugno)\" class=\"read-more\" href=\"https:\/\/consmarsiglia.esteri.it\/it\/news\/dal_consolato\/2026\/06\/conferenza-dei-consoli-ditalia-nel-mondo-12-13-giugno\/\">\n                                    <span class=\"text\">Leggi di pi\u00f9<\/span>\n                                    <svg class=\"icon\">\n                                    <use xlink:href=\"https:\/\/consmarsiglia.esteri.it\/wp-content\/themes\/sedi-tema\/assets\/svg\/sprites.svg#it-arrow-right\"><\/use>\n                                    <\/svg>\n                                <\/a>\n                                                    <\/div>\n                    <\/div>\n                <\/div>\n                <!--end card-->\n                <\/div><!-- col-12 .mt-3-->\n                            <div class=\"col-12 mt-3\">\n                <!--start card-->\n                <div class=\"card-wrapper card-space\">\n                    <div class=\"card card-bg card-big border-bottom-card\">\n                        <div class=\"card-body \">\n                                                        <div class=\"category-top\">\n                                                                                                            <span class=\"\">\n                                        <svg class=\"icon icon-secondary\">\n                                            <use xlink:href=\"https:\/\/consmarsiglia.esteri.it\/wp-content\/themes\/sedi-tema\/assets\/svg\/sprites.svg#it-calendar\"><\/use>\n                                        <\/svg> 8 Giugno 2026                                    <\/span>\n                                                                    <\/div>\n                            <h5 class=\"card-title big-heading text-uppercase\"><a class=\"text-body text-decoration-none\" href=\"https:\/\/consmarsiglia.esteri.it\/it\/news\/dal_consolato\/2026\/06\/domus-academy-milano\/\" title=\"Domus Academy Milano\">Domus Academy Milano<\/a><\/h5>\n                            <p class=\"card-text\">La Domus Academy Milano ha pubblicato bandi per l\u2019assegnazione di borse di studio nelle macroaree Design, Fashion e Business. Le agevolazioni sono rivolte a studenti interessati a percorsi formativi in una delle pi\u00f9 prestigiose scuole internazionali di design, riconosciuta per il suo approccio didattico innovativo basato su lezioni, workshop, laboratori e progetti in collaborazione con [&hellip;]<\/p>\n                                <a title=\"Domus Academy Milano\" class=\"read-more\" href=\"https:\/\/consmarsiglia.esteri.it\/it\/news\/dal_consolato\/2026\/06\/domus-academy-milano\/\">\n                                    <span class=\"text\">Leggi di pi\u00f9<\/span>\n                                    <svg class=\"icon\">\n                                    <use xlink:href=\"https:\/\/consmarsiglia.esteri.it\/wp-content\/themes\/sedi-tema\/assets\/svg\/sprites.svg#it-arrow-right\"><\/use>\n                                    <\/svg>\n                                <\/a>\n                                                    <\/div>\n                    <\/div>\n                <\/div>\n                <!--end card-->\n                <\/div><!-- col-12 .mt-3-->\n                            <div class=\"col-12 mt-3\">\n                <!--start card-->\n                <div class=\"card-wrapper card-space\">\n                    <div class=\"card card-bg card-big border-bottom-card\">\n                        <div class=\"card-body \">\n                                                        <div class=\"category-top\">\n                                                                                                            <span class=\"\">\n                                        <svg class=\"icon icon-secondary\">\n                                            <use xlink:href=\"https:\/\/consmarsiglia.esteri.it\/wp-content\/themes\/sedi-tema\/assets\/svg\/sprites.svg#it-calendar\"><\/use>\n                                        <\/svg> 27 Maggio 2026                                    <\/span>\n                                                                    <\/div>\n                            <h5 class=\"card-title big-heading text-uppercase\"><a class=\"text-body text-decoration-none\" href=\"https:\/\/consmarsiglia.esteri.it\/it\/news\/dal_consolato\/2026\/05\/opportunita-di-alta-formazione-internazionale-con-la-luiss-business-school\/\" title=\"Opportunit\u00e0 di alta formazione internazionale con la Luiss Business School\">Opportunit\u00e0 di alta formazione internazionale con la Luiss Business School<\/a><\/h5>\n                            <p class=\"card-text\">La Luiss Business School ha pubblicato un bando per 20 borse di studio dedicate al Full-time MBA, con una quota riservata anche a studenti internazionali. Le borse sono rivolte a candidati con eccellenza accademica e merito professionale. Il programma \u00e8 pensato per giovani professionisti e quadri intermedi con almeno 3 anni di esperienza lavorativa, interessati [&hellip;]<\/p>\n                                <a title=\"Opportunit\u00e0 di alta formazione internazionale con la Luiss Business School\" class=\"read-more\" href=\"https:\/\/consmarsiglia.esteri.it\/it\/news\/dal_consolato\/2026\/05\/opportunita-di-alta-formazione-internazionale-con-la-luiss-business-school\/\">\n                                    <span class=\"text\">Leggi di pi\u00f9<\/span>\n                                    <svg class=\"icon\">\n                                    <use xlink:href=\"https:\/\/consmarsiglia.esteri.it\/wp-content\/themes\/sedi-tema\/assets\/svg\/sprites.svg#it-arrow-right\"><\/use>\n                                    <\/svg>\n                                <\/a>\n                                                    <\/div>\n                    <\/div>\n                <\/div>\n                <!--end card-->\n                <\/div><!-- col-12 .mt-3-->\n            \n            <div class=\"col-md-12 mt-4 pb-4\">\n                <nav class=\"navigation col-md-12\" aria-label=\"Navigation\">\n                    <h2 class=\"screen-reader-text visually-hidden\">Paginazione<\/h2>\n                    <div class=\"nav-links\">\n                    <span aria-current=\"page\" class=\"page-numbers current\">1<\/span>\n<a class=\"page-numbers\" href=\"https:\/\/consmarsiglia.esteri.it\/it\/wp-json\/wp\/v2\/pages\/15\/?pag=2\">2<\/a>\n<a class=\"page-numbers\" href=\"https:\/\/consmarsiglia.esteri.it\/it\/wp-json\/wp\/v2\/pages\/15\/?pag=3\">3<\/a>\n<span class=\"page-numbers dots\">&hellip;<\/span>\n<a class=\"page-numbers\" href=\"https:\/\/consmarsiglia.esteri.it\/it\/wp-json\/wp\/v2\/pages\/15\/?pag=36\">36<\/a>\n<a class=\"next page-numbers\" href=\"https:\/\/consmarsiglia.esteri.it\/it\/wp-json\/wp\/v2\/pages\/15\/?pag=2\"><svg class=\"icon icon-primary\"><use xlink:href=\"https:\/\/consmarsiglia.esteri.it\/wp-content\/themes\/sedi-tema\/assets\/svg\/sprites.svg#it-chevron-right\"><\/use><\/svg>\n                                    <span class=\"visually-hidden\">Pagina successiva<\/span><\/a>                    <\/div>\n                <\/nav>\n            <\/div>   <!--.col-md-12 -->\n              <\/div><!--.row -->\n              \n","protected":false},"excerpt":{"rendered":"","protected":false},"author":1,"featured_media":0,"parent":0,"menu_order":5,"comment_status":"closed","ping_status":"closed","template":"","meta":{"footnotes":""},"class_list":["post-15","page","type-page","status-publish","hentry"],"_links":{"self":[{"href":"https:\/\/consmarsiglia.esteri.it\/it\/wp-json\/wp\/v2\/pages\/15","targetHints":{"allow":["GET"]}}],"collection":[{"href":"https:\/\/consmarsiglia.esteri.it\/it\/wp-json\/wp\/v2\/pages"}],"about":[{"href":"https:\/\/consmarsiglia.esteri.it\/it\/wp-json\/wp\/v2\/types\/page"}],"author":[{"embeddable":true,"href":"https:\/\/consmarsiglia.esteri.it\/it\/wp-json\/wp\/v2\/users\/1"}],"replies":[{"embeddable":true,"href":"https:\/\/consmarsiglia.esteri.it\/it\/wp-json\/wp\/v2\/comments?post=15"}],"version-history":[{"count":0,"href":"https:\/\/consmarsiglia.esteri.it\/it\/wp-json\/wp\/v2\/pages\/15\/revisions"}],"wp:attachment":[{"href":"https:\/\/consmarsiglia.esteri.it\/it\/wp-json\/wp\/v2\/media?parent=15"}],"curies":[{"name":"wp","href":"https:\/\/api.w.org\/{rel}","templated":true}]}}